{"id":23,"date":"2023-01-12T17:53:06","date_gmt":"2023-01-12T16:53:06","guid":{"rendered":"http:\/\/7com.ovh\/?page_id=23"},"modified":"2023-03-09T15:58:50","modified_gmt":"2023-03-09T14:58:50","slug":"reseau-fhs-culture","status":"publish","type":"page","link":"https:\/\/7com.ovh\/index.php\/nos-reseaux\/reseau-fhs-culture\/","title":{"rendered":"R\u00e9seau FHS Culture"},"content":{"rendered":"\t\t<div data-elementor-type=\"wp-page\" data-elementor-id=\"23\" class=\"elementor elementor-23\">\n\t\t\t\t\t\t\t<div class=\"elementor-element elementor-element-93d119f e-con-boxed e-con\" data-id=\"93d119f\" data-element_type=\"container\" data-settings=\"{&quot;content_width&quot;:&quot;boxed&quot;}\">\n\t\t\t\t\t<div class=\"e-con-inner\">\n\t\t\t\t<div class=\"elementor-element elementor-element-c50f3fb elementor-widget elementor-widget-text-editor\" data-id=\"c50f3fb\" data-element_type=\"widget\" data-widget_type=\"text-editor.default\">\n\t\t\t\t<div class=\"elementor-widget-container\">\n\t\t\t<style>\/*! elementor - v3.11.1 - 15-02-2023 *\/\n.elementor-widget-text-editor.elementor-drop-cap-view-stacked .elementor-drop-cap{background-color:#818a91;color:#fff}.elementor-widget-text-editor.elementor-drop-cap-view-framed .elementor-drop-cap{color:#818a91;border:3px solid;background-color:transparent}.elementor-widget-text-editor:not(.elementor-drop-cap-view-default) .elementor-drop-cap{margin-top:8px}.elementor-widget-text-editor:not(.elementor-drop-cap-view-default) .elementor-drop-cap-letter{width:1em;height:1em}.elementor-widget-text-editor .elementor-drop-cap{float:left;text-align:center;line-height:1;font-size:50px}.elementor-widget-text-editor .elementor-drop-cap-letter{display:inline-block}<\/style>\t\t\t\t<div class=\"column one\"><div class=\"inner-padding\"><h2>Le r\u00e9seau culturel des Hauts-de-France<\/h2><\/div><\/div><div class=\"column one\"><hr \/><\/div><div class=\"column one-second\"><div class=\"inner-padding\"><p>Implant\u00e9 sur le Nord et le Pas-de-Calais, de Montreuil sur Mer \u00e0 Fourmies, le <strong>r\u00e9seau FHS Culture<\/strong> vous ouvre les portes de 165 \u00e9tablissements culturels ou institutionnels.<\/p><p>Vos brochures sont valoris\u00e9es et tenues \u00e0 la disposition de personnes habitu\u00e9es aux sorties culturelles. Votre message touche un public disponible, en pleine pratique d\u2019une de ses activit\u00e9s favorites : la visite d\u2019un mus\u00e9e, la d\u00e9couverte d\u2019un nouveau spectacle ou la lecture d\u2019un ouvrage tout juste emprunt\u00e9 \u00e0 la m\u00e9diath\u00e8que.<\/p><p>\u00a0<\/p><h3>Avantages<\/h3><ul><li>Les \u00e9tablissements culturels du <strong>r\u00e9seau FHS Culture<\/strong> sont s\u00e9lectionn\u00e9s pour leur programmation r\u00e9guli\u00e8re, garantissant un flux constant de public.<\/li><li>Les<strong> pr\u00e9sentoirs FHS Culture<\/strong>, implant\u00e9s en plein c\u0153ur des mus\u00e9es, th\u00e9\u00e2tres, salle de spectacle\u2026 assurent \u00e0 votre campagne la meilleure visibilit\u00e9.<\/li><li>Votre \u00e9v\u00e9nement \u00e0 une port\u00e9e locale? Le <strong>r\u00e9seau FHS Culture<\/strong> est compos\u00e9 de 4 zones g\u00e9ographiques distinctes, utilisables ind\u00e9pendamment les unes des autres.<\/li><li>Tous les formats de document jusqu\u2019au A4 y sont bienvenus&#8230;<\/li><\/ul><p>\u00a0<\/p><h3>Service +<\/h3><ul><li>La garantie d\u2019une visibilit\u00e9 durable : les <strong>pr\u00e9sentoirs FHS Culture<\/strong> sont r\u00e9approvisionn\u00e9s toutes les deux semaines par nos soins. Pas de rupture, votre message reste disponible sur toute la dur\u00e9e de la campagne.<\/li><li>L\u2019assurance du travail bien fait : d\u00e8s le d\u00e9marrage de votre campagne, vous recevez un reportage photo attestant de la mise en place de votre campagne sur le terrain.<\/li><\/ul><p>\u00a0<\/p><h3>Le r\u00e9seau FHS Culture, c\u2019est notamment :<\/h3><ul><li>Le mus\u00e9e La Piscine<\/li><li>Le Lam<\/li><li>Le MUba<\/li><li>Le Fresnoy<\/li><li>L&#8217;Institut du monde arabe<\/li><li>L&#8217;institut pour la Photographie<\/li><li>Lille Grand Palais<\/li><li>Le Conseil r\u00e9gional des Hauts-de-France<\/li><li>La Condition Publique<\/li><li>La Cit\u00e9 de la Dentelle et de la Mode<\/li><li>Le FRAC<\/li><li>Le Centre Historique Minier<\/li><li>La Coupole d&#8217;Helfaut,<\/li><li>Le Bateau Feu<\/li><li>Le Channel<\/li><li>Le Ph\u00e9nix<\/li><li>Le th\u00e9\u00e2tre du Man\u00e8ge<\/li><\/ul><\/div><\/div>\t\t\t\t\t\t<\/div>\n\t\t\t\t<\/div>\n\t\t<div class=\"elementor-element elementor-element-2583a0e e-con-boxed e-con\" data-id=\"2583a0e\" data-element_type=\"container\" data-settings=\"{&quot;content_width&quot;:&quot;boxed&quot;}\">\n\t\t\t\t\t<div class=\"e-con-inner\">\n\t\t\t\t<div class=\"elementor-element elementor-element-905a2e5 elementor-widget elementor-widget-image\" data-id=\"905a2e5\" data-element_type=\"widget\" data-widget_type=\"image.default\">\n\t\t\t\t<div class=\"elementor-widget-container\">\n\t\t\t<style>\/*! elementor - v3.11.1 - 15-02-2023 *\/\n.elementor-widget-image{text-align:center}.elementor-widget-image a{display:inline-block}.elementor-widget-image a img[src$=\".svg\"]{width:48px}.elementor-widget-image img{vertical-align:middle;display:inline-block}<\/style>\t\t\t\t\t\t\t\t\t\t\t\t<img loading=\"lazy\" decoding=\"async\" width=\"640\" height=\"642\" src=\"https:\/\/7com.ovh\/wp-content\/uploads\/2023\/01\/Nord-pas-de-calais-160-1021x1024.jpg\" class=\"attachment-large size-large wp-image-405\" alt=\"\" srcset=\"https:\/\/7com.ovh\/wp-content\/uploads\/2023\/01\/Nord-pas-de-calais-160-1021x1024.jpg 1021w, https:\/\/7com.ovh\/wp-content\/uploads\/2023\/01\/Nord-pas-de-calais-160-300x300.jpg 300w, https:\/\/7com.ovh\/wp-content\/uploads\/2023\/01\/Nord-pas-de-calais-160-150x150.jpg 150w, https:\/\/7com.ovh\/wp-content\/uploads\/2023\/01\/Nord-pas-de-calais-160-768x770.jpg 768w, https:\/\/7com.ovh\/wp-content\/uploads\/2023\/01\/Nord-pas-de-calais-160.jpg 1379w\" sizes=\"auto, (max-width: 640px) 100vw, 640px\" \/>\t\t\t\t\t\t\t\t\t\t\t\t\t\t\t<\/div>\n\t\t\t\t<\/div>\n\t\t\t\t<div class=\"elementor-element elementor-element-407efbe elementor-arrows-position-inside elementor-pagination-position-outside elementor-widget elementor-widget-image-carousel\" data-id=\"407efbe\" data-element_type=\"widget\" data-settings=\"{&quot;slides_to_show&quot;:&quot;1&quot;,&quot;navigation&quot;:&quot;both&quot;,&quot;autoplay&quot;:&quot;yes&quot;,&quot;pause_on_hover&quot;:&quot;yes&quot;,&quot;pause_on_interaction&quot;:&quot;yes&quot;,&quot;autoplay_speed&quot;:5000,&quot;infinite&quot;:&quot;yes&quot;,&quot;effect&quot;:&quot;slide&quot;,&quot;speed&quot;:500}\" data-widget_type=\"image-carousel.default\">\n\t\t\t\t<div class=\"elementor-widget-container\">\n\t\t\t<style>\/*! elementor - v3.11.1 - 15-02-2023 *\/\n.elementor-widget-image-carousel .swiper,.elementor-widget-image-carousel .swiper-container{position:static}.elementor-widget-image-carousel .swiper-container .swiper-slide figure,.elementor-widget-image-carousel .swiper .swiper-slide figure{line-height:inherit}.elementor-widget-image-carousel .swiper-slide{text-align:center}.elementor-image-carousel-wrapper:not(.swiper-container-initialized) .swiper-slide,.elementor-image-carousel-wrapper:not(.swiper-initialized) .swiper-slide{max-width:calc(100% \/ var(--e-image-carousel-slides-to-show, 3))}<\/style>\t\t<div class=\"elementor-image-carousel-wrapper swiper-container\" dir=\"ltr\">\n\t\t\t<div class=\"elementor-image-carousel swiper-wrapper\">\n\t\t\t\t\t\t\t\t<div class=\"swiper-slide\"><a data-elementor-open-lightbox=\"yes\" data-elementor-lightbox-slideshow=\"407efbe\" data-elementor-lightbox-title=\"Ballet du Nord - CCN &amp; Vous !\" data-e-action-hash=\"#elementor-action%3Aaction%3Dlightbox%26settings%3DeyJpZCI6NzcwLCJ1cmwiOiJodHRwczpcL1wvN2NvbS5vdmhcL3dwLWNvbnRlbnRcL3VwbG9hZHNcLzIwMjNcLzAzXC9CYWxsZXQtZHUtTm9yZC1DQ04tVm91cy0ucG5nIiwic2xpZGVzaG93IjoiNDA3ZWZiZSJ9\" href=\"http:\/\/7com.ovh\/index.php\/nos-realisations\/\"><figure class=\"swiper-slide-inner\"><img decoding=\"async\" class=\"swiper-slide-image\" src=\"https:\/\/7com.ovh\/wp-content\/uploads\/2023\/03\/Ballet-du-Nord-CCN-Vous--768x576.png\" alt=\"Ballet du Nord - CCN &amp; Vous !\" \/><\/figure><\/a><\/div><div class=\"swiper-slide\"><a data-elementor-open-lightbox=\"yes\" data-elementor-lightbox-slideshow=\"407efbe\" data-elementor-lightbox-title=\"Le Channel, Lieu de vie artistique et de promenade\" data-e-action-hash=\"#elementor-action%3Aaction%3Dlightbox%26settings%3DeyJpZCI6NzcxLCJ1cmwiOiJodHRwczpcL1wvN2NvbS5vdmhcL3dwLWNvbnRlbnRcL3VwbG9hZHNcLzIwMjNcLzAzXC9MZS1DaGFubmVsLUxpZXUtZGUtdmllLWFydGlzdGlxdWUtZXQtZGUtcHJvbWVuYWRlLnBuZyIsInNsaWRlc2hvdyI6IjQwN2VmYmUifQ%3D%3D\" href=\"http:\/\/7com.ovh\/index.php\/nos-realisations\/\"><figure class=\"swiper-slide-inner\"><img decoding=\"async\" class=\"swiper-slide-image\" src=\"https:\/\/7com.ovh\/wp-content\/uploads\/2023\/03\/Le-Channel-Lieu-de-vie-artistique-et-de-promenade-768x576.png\" alt=\"Le Channel, Lieu de vie artistique et de promenade\" \/><\/figure><\/a><\/div><div class=\"swiper-slide\"><a data-elementor-open-lightbox=\"yes\" data-elementor-lightbox-slideshow=\"407efbe\" data-elementor-lightbox-title=\"Louvre Lens - Programme J&#039;ai dix ans\" data-e-action-hash=\"#elementor-action%3Aaction%3Dlightbox%26settings%3DeyJpZCI6NzcyLCJ1cmwiOiJodHRwczpcL1wvN2NvbS5vdmhcL3dwLWNvbnRlbnRcL3VwbG9hZHNcLzIwMjNcLzAzXC9Mb3V2cmUtTGVucy1Qcm9ncmFtbWUtSmFpLWRpeC1hbnMucG5nIiwic2xpZGVzaG93IjoiNDA3ZWZiZSJ9\" href=\"http:\/\/7com.ovh\/index.php\/nos-realisations\/\"><figure class=\"swiper-slide-inner\"><img decoding=\"async\" class=\"swiper-slide-image\" src=\"https:\/\/7com.ovh\/wp-content\/uploads\/2023\/03\/Louvre-Lens-Programme-Jai-dix-ans-768x576.png\" alt=\"Louvre Lens - Programme J&#039;ai dix ans\" \/><\/figure><\/a><\/div><div class=\"swiper-slide\"><a data-elementor-open-lightbox=\"yes\" data-elementor-lightbox-slideshow=\"407efbe\" data-elementor-lightbox-title=\"Mus\u00e9e Royaux des Beaux Arts Belges\" data-e-action-hash=\"#elementor-action%3Aaction%3Dlightbox%26settings%3DeyJpZCI6NzczLCJ1cmwiOiJodHRwczpcL1wvN2NvbS5vdmhcL3dwLWNvbnRlbnRcL3VwbG9hZHNcLzIwMjNcLzAzXC9NdXNlZS1Sb3lhdXgtZGVzLUJlYXV4LUFydHMtQmVsZ2VzLnBuZyIsInNsaWRlc2hvdyI6IjQwN2VmYmUifQ%3D%3D\" href=\"http:\/\/7com.ovh\/index.php\/nos-realisations\/\"><figure class=\"swiper-slide-inner\"><img decoding=\"async\" class=\"swiper-slide-image\" src=\"https:\/\/7com.ovh\/wp-content\/uploads\/2023\/03\/Musee-Royaux-des-Beaux-Arts-Belges-768x576.png\" alt=\"Mus\u00e9e Royaux des Beaux Arts Belges\" \/><\/figure><\/a><\/div>\t\t\t<\/div>\n\t\t\t\t\t\t\t\t\t\t\t\t<div class=\"swiper-pagination\"><\/div>\n\t\t\t\t\t\t\t\t\t\t\t\t\t<div class=\"elementor-swiper-button elementor-swiper-button-prev\">\n\t\t\t\t\t\t<svg aria-hidden=\"true\" class=\"e-font-icon-svg e-eicon-chevron-left\" viewBox=\"0 0 1000 1000\" xmlns=\"http:\/\/www.w3.org\/2000\/svg\"><path d=\"M646 125C629 125 613 133 604 142L308 442C296 454 292 471 292 487 292 504 296 521 308 533L604 854C617 867 629 875 646 875 663 875 679 871 692 858 704 846 713 829 713 812 713 796 708 779 692 767L438 487 692 225C700 217 708 204 708 187 708 171 704 154 692 142 675 129 663 125 646 125Z\"><\/path><\/svg>\t\t\t\t\t\t<span class=\"elementor-screen-only\">Previous<\/span>\n\t\t\t\t\t<\/div>\n\t\t\t\t\t<div class=\"elementor-swiper-button elementor-swiper-button-next\">\n\t\t\t\t\t\t<svg aria-hidden=\"true\" class=\"e-font-icon-svg e-eicon-chevron-right\" viewBox=\"0 0 1000 1000\" xmlns=\"http:\/\/www.w3.org\/2000\/svg\"><path d=\"M696 533C708 521 713 504 713 487 713 471 708 454 696 446L400 146C388 133 375 125 354 125 338 125 325 129 313 142 300 154 292 171 292 187 292 204 296 221 308 233L563 492 304 771C292 783 288 800 288 817 288 833 296 850 308 863 321 871 338 875 354 875 371 875 388 867 400 854L696 533Z\"><\/path><\/svg>\t\t\t\t\t\t<span class=\"elementor-screen-only\">Next<\/span>\n\t\t\t\t\t<\/div>\n\t\t\t\t\t\t\t\t\t<\/div>\n\t\t\t\t<\/div>\n\t\t\t\t<\/div>\n\t\t\t\t\t<\/div>\n\t\t\t\t<\/div>\n\t\t\t\t\t<\/div>\n\t\t\t\t<\/div>\n\t\t\t\t\t\t\t<\/div>\n\t\t","protected":false},"excerpt":{"rendered":"<p>Le r\u00e9seau culturel des Hauts-de-France Implant\u00e9 sur le Nord et le Pas-de-Calais, de Montreuil sur Mer \u00e0 Fourmies, le r\u00e9seau FHS Culture vous ouvre les portes de 165 \u00e9tablissements culturels ou institutionnels. Vos brochures sont valoris\u00e9es et tenues \u00e0 la disposition de personnes habitu\u00e9es aux sorties culturelles. Votre message touche un public disponible, en pleine [&hellip;]<\/p>\n","protected":false},"author":1,"featured_media":0,"parent":19,"menu_order":0,"comment_status":"closed","ping_status":"closed","template":"","meta":{"footnotes":""},"class_list":["post-23","page","type-page","status-publish","hentry"],"_links":{"self":[{"href":"https:\/\/7com.ovh\/index.php\/wp-json\/wp\/v2\/pages\/23","targetHints":{"allow":["GET"]}}],"collection":[{"href":"https:\/\/7com.ovh\/index.php\/wp-json\/wp\/v2\/pages"}],"about":[{"href":"https:\/\/7com.ovh\/index.php\/wp-json\/wp\/v2\/types\/page"}],"author":[{"embeddable":true,"href":"https:\/\/7com.ovh\/index.php\/wp-json\/wp\/v2\/users\/1"}],"replies":[{"embeddable":true,"href":"https:\/\/7com.ovh\/index.php\/wp-json\/wp\/v2\/comments?post=23"}],"version-history":[{"count":19,"href":"https:\/\/7com.ovh\/index.php\/wp-json\/wp\/v2\/pages\/23\/revisions"}],"predecessor-version":[{"id":776,"href":"https:\/\/7com.ovh\/index.php\/wp-json\/wp\/v2\/pages\/23\/revisions\/776"}],"up":[{"embeddable":true,"href":"https:\/\/7com.ovh\/index.php\/wp-json\/wp\/v2\/pages\/19"}],"wp:attachment":[{"href":"https:\/\/7com.ovh\/index.php\/wp-json\/wp\/v2\/media?parent=23"}],"curies":[{"name":"wp","href":"https:\/\/api.w.org\/{rel}","templated":true}]}}